{"id":248,"date":"2022-11-16T13:45:56","date_gmt":"2022-11-16T12:45:56","guid":{"rendered":"http:\/\/klarnet.org.tr\/?page_id=248"},"modified":"2024-03-13T14:15:24","modified_gmt":"2024-03-13T13:15:24","slug":"kvkk-aydinlatma-metni","status":"publish","type":"page","link":"https:\/\/klarnet.org.tr\/en\/kvkk-aydinlatma-metni\/","title":{"rendered":"Ki\u015fisel Verilerin Korunmas\u0131 Aday Ayd\u0131nlatma Metni"},"content":{"rendered":"<div class=\"brz-root__container brz-reset-all\">\n<section data-uid=\"bzwsjroqcunxjewnfcyhkibufoopoabxtver\" id=\"bzwsjroqcunxjewnfcyhkibufoopoabxtver\" class=\"brz-section brz-css-rvjoq\">\n<div class=\"brz-section__content brz-section--boxed brz-css-mzjcn brz-css-bhzup\" data-custom-id=\"abzuxhnqpsgmmjysnkyqdxxtvnhidkxrhzwk\">\n<div class=\"brz-bg overflow-hidden !z-auto absolute top-0 left-0 w-full h-full\">\n<div class=\"brz-bg-image absolute top-0 left-0 w-full h-full bg-no-repeat bg-cover\"><\/div>\n<\/div>\n<div class=\"brz-container brz-css-vmlni\">\n<div class=\"brz-css-vmvmw brz-wrapper\">\n<div class=\"brz-rich-text brz-rich-text__custom brz-css-hgmam\" data-custom-id=\"xqdxmlmvtzfroeuxbvhlpsjihrtrkgmhbvee\">\n<div>\n<h1 class=\"brz-css-gjhwn\" data-generated-css=\"brz-css-pseng\" data-uniq-id=\"dglog\"><span class=\"brz-cp-color8\">Ki&#351;isel Verilerin &#304;&#351;lenmesine &#304;li&#351;kin Ayd&#305;nlatma Metni<\/span><\/h1>\n<\/div>\n<\/div>\n<\/div>\n<\/div>\n<\/div>\n<\/section>\n<section data-uid=\"mbihkxvnjznmjrrfuxkxdnmlvqspdvsjzfuc\" id=\"mbihkxvnjznmjrrfuxkxdnmlvqspdvsjzfuc\" class=\"brz-section brz-css-rvjoq\">\n<div class=\"brz-section__content brz-section--boxed brz-css-mzjcn brz-css-pehdh\" data-custom-id=\"eclgslvfgljkklmcdebivgkmxaiyudxrnihv\">\n<div class=\"brz-container brz-css-vmlni\">\n<div class=\"brz-css-vmvmw brz-wrapper\">\n<div class=\"brz-embed-code brz-css-hrzzv\" data-custom-id=\"guvcucriywdveszvpjqhwozdwyzaaflobjri\">\n<div class=\"brz-embed-content\">\n<div>\n<h3><b>&#304;stanbul Klarnet Derne&#287;i (Klarnet Derne&#287;i), veri sorumlusu olarak 6698 say&#305;l&#305; Ki&#351;isel Verilerin Korunmas&#305; Kanunu (KVKK) ve ilgili di&#287;er mevzuata uygun olarak ki&#351;isel verilerinizi i&#351;lemektedir.<\/p>\n<p>KVKK&#8217;nun Ayd&#305;nlatma Y&uuml;k&uuml;ml&uuml;l&uuml;&#287;&uuml;&#8217;n&uuml; d&uuml;zenleyen 10&#8217;ncu maddesine g&ouml;re veri sorumlular&#305;, ki&#351;isel verilerini i&#351;ledikleri ilgili ki&#351;ileri belirli konularda bilgilendirmekle y&uuml;k&uuml;ml&uuml;d&uuml;r.<\/b><\/h3>\n<p>Bu ayd&#305;nlatma metni de hukuki y&uuml;k&uuml;ml&uuml;l&uuml;&#287;&uuml;n yerine getirilebilmesi amac&#305;yla Ki&#351;isel Verileri Koruma Kurumu taraf&#305;ndan yay&#305;nlanan Ayd&#305;nlatma Y&uuml;k&uuml;ml&uuml;l&uuml;&#287;&uuml;n&uuml;n Yerine Getirilmesinde Uyulacak Usul ve Esaslar Hakk&#305;nda Tebli&#287;&#8217;ine uygun olarak haz&#305;rlanm&#305;&#351;t&#305;r.<\/p>\n<h3><b>&#304;lgili Ki&#351;i<\/b><\/h3>\n<p>Yar&#305;&#351;maya ba&#351;vurman&#305;z sebebiyle ki&#351;isel verileri i&#351;lenecek olan siz Aday olarak tan&#305;mlanmaktas&#305;n&#305;z.<\/p>\n<h3><b>Veri Sorumlusu<\/b><\/h3>\n<p>Sizinle ilgili ki&#351;isel veriler konusunda ki&#351;isel verilerin i&#351;leme ama&ccedil;lar&#305;n&#305; ve vas&#305;talar&#305;n&#305; belirleyen, veri kay&#305;t sisteminin kurulmas&#305;ndan ve y&ouml;netilmesinden sorumlu olan Klarnet Derne&#287;i&nbsp;veri sorumlusudur.<\/p>\n<h3><b>Ki&#351;isel Verilerinizin Elde Edilmesi<\/b><\/h3>\n<h3><b>Otomatik y&ouml;ntemlerle do&#287;rudan sizden web ortamda<\/b><\/h3>\n<p>Ad, soyad, do&#287;um tarihi, adres, telefon, e-posta ve ba&#351;vuru zaman&#305; bilgileriniz elde edilmektedir.<\/p>\n<h3><b>Ki&#351;isel Verilerinizin &#304;&#351;lenme Ama&ccedil;lar&#305; ve Hukuki Sebepleri<\/b><\/h3>\n<p>A&#351;a&#287;&#305;daki tabloda ki&#351;isel verilerinizin i&#351;lenmesindeki hukuki sebepler ve i&#351;lenme ama&ccedil;lar&#305; listelenmi&#351;tir.<\/p>\n<h3><b><br \/>\nKVKK Md. 5\/1&#8217;de d&uuml;zenlenen ki&#351;isel verilerinizin i&#351;lenmesine ili&#351;kin a&ccedil;&#305;k r&#305;zan&#305;za istinaden, yar&#305;&#351;ma s&uuml;re&ccedil;lerinin y&uuml;r&uuml;t&uuml;lmesi ile saklama ve ar&#351;iv faaliyetlerinin y&uuml;r&uuml;t&uuml;lmesi amac&#305;yla <\/b><\/h3>\n<p>Ad, soyad, do&#287;um tarihi, adres, telefon, e-posta ve ba&#351;vuru zaman&#305; Ki&#351;isel verileriniz i&#351;lenmektedir.<\/p>\n<h3><b>Ki&#351;isel Verilerinizin Aktar&#305;lmas&#305;<\/b><\/h3>\n<p>Ki&#351;isel verileriniz KVKK Md.28\/1 &ccedil;er&ccedil;evesinde talep edilmesi halinde ayd&#305;nlatma y&uuml;k&uuml;ml&uuml;l&uuml;&#287;&uuml; olmadan ve a&ccedil;&#305;k r&#305;zan&#305;z aranmadan ilgili makamlara aktar&#305;labilir.<br \/>\nBunun d&#305;&#351;&#305;nda &ouml;ng&ouml;r&uuml;lemeyen durumlarda da ki&#351;isel verileriniz kanunlarda a&ccedil;&#305;k&ccedil;a belirtilmi&#351; durumlarda talep edilmesi halinde kanunlarda belirtilen kamu kurumlar&#305;na (bakanl&#305;klar, Cumhurba&#351;kanl&#305;&#287;&#305; kurullar&#305; gibi idari makamlara) kanunda &ouml;ng&ouml;r&uuml;len ama&ccedil; ve s&#305;n&#305;rlamalar d&acirc;hilinde aktar&#305;labilir.<br \/>\nKi&#351;isel verileriniz, ayd&#305;nlatma y&uuml;k&uuml;ml&uuml;l&uuml;&#287;&uuml; olmayan ve a&ccedil;&#305;k r&#305;zan&#305;z&#305; gerektirmeyen yasal y&uuml;k&uuml;ml&uuml;l&uuml;klerimizin d&#305;&#351;&#305;nda herhangi bir kurum, ki&#351;i ya da kurulu&#351;a aktar&#305;lmamaktad&#305;r<\/p>\n<h3><b>Ki&#351;isel Verilerinizle &#304;lgili Haklar&#305;n&#305;z<\/b><\/h3>\n<p>&#304;lgili ki&#351;iler ki&#351;isel verilerine ili&#351;kin haklar&#305;n&#305; kullanmak i&ccedil;in &ouml;ncelikle veri sorumlusuna ba&#351;vurmak zorundad&#305;rlar. Kanunun 14&#8217;&uuml;nc&uuml; maddesine g&ouml;re Ki&#351;isel Verileri Koruma Kurulu&#8217;na do&#287;rudan &#351;ik&acirc;yette bulunulamaz.<\/p>\n<p>Kanun uyar&#305;nca ki&#351;isel verilerinizle ilgili<\/p>\n<ol type=\"a\">\n<li>Ki&#351;isel veri i&#351;lenip i&#351;lenmedi&#287;ini &ouml;&#287;renme,<\/li>\n<li>Ki&#351;isel verileriniz i&#351;lenmi&#351;se buna ili&#351;kin bilgi talep etme,<\/li>\n<li>Ki&#351;isel verilerinizin i&#351;lenme amac&#305;n&#305; ve bunlar&#305;n amac&#305;na uygun kullan&#305;l&#305;p kullan&#305;lmad&#305;&#287;&#305;n&#305; &ouml;&#287;renme,<\/li>\n<li>Yurt i&ccedil;inde veya yurt d&#305;&#351;&#305;nda ki&#351;isel verilerinizin aktar&#305;ld&#305;&#287;&#305; &uuml;&ccedil;&uuml;nc&uuml; ki&#351;ileri bilme,<\/li>\n<li>Ki&#351;isel verilerinizin eksik veya yanl&#305;&#351; i&#351;lenmi&#351; olmas&#305; h&acirc;linde bunlar&#305;n d&uuml;zeltilmesini isteme,<\/li>\n<li>&#304;&#351;lenmesini gerektiren sebeplerin ortadan kalkmas&#305; h&acirc;linde ki&#351;isel verilerinizin silinmesini veya yok edilmesini isteme,<\/li>\n<li>(d) ve (e) bentleri uyar&#305;nca yap&#305;lan i&#351;lemlerin, ki&#351;isel verilerinizin aktar&#305;ld&#305;&#287;&#305; &uuml;&ccedil;&uuml;nc&uuml; ki&#351;ilere bildirilmesini isteme,<\/li>\n<li>&#304;&#351;lenen verilerinizin m&uuml;nhas&#305;ran otomatik sistemler vas&#305;tas&#305;yla analiz edilmesi suretiyle aleyhinize bir sonucun ortaya &ccedil;&#305;kmas&#305;na itiraz etme,<\/li>\n<li>Ki&#351;isel verilerin kanuna ayk&#305;r&#305; olarak i&#351;lenmesi sebebiyle zarara u&#287;raman&#305;z h&acirc;linde zarar&#305;n giderilmesini talep etme<\/li>\n<\/ol>\n<p>Haklar&#305;n&#305;z&#305; veri sorumlusuna yani bize ba&#351;vurarak kullanabilirsiniz.<\/p>\n<h3><b>Veri Sorumlusuna Ba&#351;vuru Y&ouml;ntemi<\/b><\/h3>\n<p>Ba&#351;vurunuzu<br \/>\nR&#305;ht&#305;m Cad. Uzunhaf&#305;z Sok. 3A Kad&#305;k&ouml;y \/ &#304;stanbul&nbsp;adresine yaz&#305;l&#305; olarak;<br \/>\nVeya sistemlerimizde size ait g&ouml;r&uuml;nen e-posta adresinizi kullanarak <a href=\"mailto:\">info@klarnet.org.tr<\/a>&nbsp;adresine e-posta g&ouml;ndererek yapabilirsiniz.<br \/>\nBa&#351;vuru yap&#305;l&#305;rken uyulmas&#305; gereken usul ve esaslar hakk&#305;ndaki daha detayl&#305; bilgiye Ki&#351;isel Verileri Koruma Kurumu&#8217;nun Veri Sorumlusuna Ba&#351;vuru Usul ve Esaslar&#305; Hakk&#305;nda Tebli&#287;&#8217;den ula&#351;abilirsiniz.<\/p>\n<p>&nbsp;<\/p>\n<h3><b>&#304;stanbul Klarnet Derne&#287;i<\/b><\/h3>\n<h3><b>Ki&#351;isel Verilerin Korunmas&#305;<\/b><\/h3>\n<h3><b>&#8220;Aday&#8221; A&ccedil;&#305;k R&#305;za Metni ve Beyan&#305;<\/b><\/h3>\n<p>6698 say&#305;l&#305; Ki&#351;isel Verilerin Korunmas&#305; Kanunu&#8217;na g&ouml;re sizinle ilgili baz&#305; ki&#351;isel verilerin, veri sorumlusu olan &#304;stanbul Klarnet Derne&#287;i&nbsp;(Klarnet Derne&#287;i) taraf&#305;ndan i&#351;lenebilmesi i&ccedil;in a&ccedil;&#305;k r&#305;zan&#305;z gerekmektedir.<\/p>\n<h3><b>KVKK Md. 5\/1&#8217;e istinaden i&#351;lenecek ki&#351;isel verileriniz ve i&#351;lenme ama&ccedil;lar&#305;;<br \/>\nYar&#305;&#351;ma ama&ccedil;lar&#305;n&#305;n y&uuml;r&uuml;t&uuml;lmesi ile saklama ve ar&#351;iv faaliyetlerinin y&uuml;r&uuml;t&uuml;lmesi amac&#305;yla <\/b><\/h3>\n<p>Ad, soyad, do&#287;um tarihi, adres, telefon, e-posta ve ba&#351;vuru zaman&#305;<\/p>\n<h3><b>Yukar&#305;da ama&ccedil;lar&#305; belirtilen ki&#351;isel verilerimin belirtilen ama&ccedil;lar &ccedil;er&ccedil;evesinde i&#351;lenmesini kabul ve beyan ediyorum.<\/b><\/h3>\n<\/div>\n<\/div>\n<\/div>\n<\/div>\n<\/div>\n<\/div>\n<\/section>\n<section data-uid=\"qesxzhiivzpkycmeoacclhhaaccnxymmypfm\" id=\"qesxzhiivzpkycmeoacclhhaaccnxymmypfm\" class=\"brz-section brz-css-rvjoq brz-css-bpvip\">\n<div class=\"brz-section__content brz-section--fullWidth brz-css-mzjcn brz-css-rmlzq\" data-custom-id=\"ftyscjwnvikozdqoiigvzxfxxkbakfczxvxe\">\n<div class=\"brz-bg overflow-hidden !z-auto absolute top-0 left-0 w-full h-full\">\n<div class=\"brz-bg-color absolute top-0 left-0 w-full h-full\"><\/div>\n<\/div>\n<div class=\"brz-container brz-css-vmlni brz-css-orhuh\">\n<div class=\"brz-row__container brz-css-yuqsf\" data-custom-id=\"ipcplojbjuqzdkwgglljazkjizpmdlpsedjq\">\n<div class=\"brz-bg overflow-hidden !z-auto absolute top-0 left-0 w-full h-full\"><\/div>\n<div class=\"brz-row brz-css-wtwvk\">\n<div class=\"brz-columns brz-css-qudzz\" data-custom-id=\"eyogoixmukrewtoxmgytoqczfcbjxkexxwlr\">\n<div class=\"brz-bg overflow-hidden !z-auto absolute top-0 left-0 w-full h-full\"><\/div>\n<div class=\"brz-column__items brz-css-rjgcj\">\n<div class=\"brz-css-vmvmw brz-wrapper\">\n<div class=\"brz-rich-text brz-rich-text__custom brz-css-hgmam\" data-custom-id=\"nsyageacekrrrejcvcpzfhpuonhmpfbejwfw\">\n<div>\n<p class=\"brz-css-dlpux\" data-generated-css=\"brz-css-qumdz\" data-uniq-id=\"nqcup\"><strong class=\"brz-cp-color8\">T&Uuml;RK M&Uuml;Z&#304;&#286;&#304; KLARNET YARI&#350;MASI 2024<\/strong><\/p>\n<p class=\"brz-css-kttnk\" data-generated-css=\"brz-css-ntdcv\" data-uniq-id=\"lsdcu\"><span class=\"brz-cp-color8\">Son ba&#351;vuru tarihi: 29 Nisan 2024<\/span><\/p>\n<\/div>\n<\/div>\n<\/div>\n<\/div>\n<\/div>\n<div class=\"brz-columns brz-css-qudzz\" data-custom-id=\"dcbwikqmmsawvyxlmkutvivyzvochgqkzrrz\">\n<div class=\"brz-bg overflow-hidden !z-auto absolute top-0 left-0 w-full h-full\"><\/div>\n<div class=\"brz-column__items brz-css-rjgcj brz-css-emvjb\">\n<div class=\"brz-wrapper-clone brz-css-hlbhc\">\n<div class=\"brz-d-xs-flex brz-flex-xs-wrap brz-css-umbie\">\n<div class=\"brz-wrapper-clone__item brz-css-nzmeh\" id=\"hrpzqgxwtfvuwqwxwgdamlikviptabrdeivk\"><a class=\"brz-a brz-btn brz-css-znhle brz-css-zpzjg\" href=\"https:\/\/klarnet.org.tr\/en\/turk-muzigi-klarnet-yarismasi-2024-basvuru-formu\/\" target=\"_blank\" rel=\"noopener\" data-brz-link-type=\"external\" data-custom-id=\"hrpzqgxwtfvuwqwxwgdamlikviptabrdeivk\"><span class=\"brz-span brz-text__editor\">&#350;&#304;MD&#304; BA&#350;VUR<\/span><\/a><\/div>\n<\/div>\n<\/div>\n<\/div>\n<\/div>\n<\/div>\n<\/div>\n<\/div>\n<\/div>\n<\/section>\n<section data-uid=\"pvidqeipknrmauhcuqjyvvwkeebhbbbjjktv\" id=\"pvidqeipknrmauhcuqjyvvwkeebhbbbjjktv\" class=\"brz-section brz-css-rvjoq\">\n<div class=\"brz-section__content brz-section--fullWidth brz-css-mzjcn brz-css-slbyw\" data-custom-id=\"nrbsjazomguwikgmlzxswgpyttgvcbimvekh\">\n<div class=\"brz-bg overflow-hidden !z-auto absolute top-0 left-0 w-full h-full\">\n<div class=\"brz-bg-color absolute top-0 left-0 w-full h-full\"><\/div>\n<\/div>\n<div class=\"brz-container brz-css-vmlni brz-css-gotbd\">\n<div class=\"brz-row__container brz-css-yuqsf\" data-custom-id=\"gndycwvlganrfuqbywbubietmbxbemotezmc\">\n<div class=\"brz-bg overflow-hidden !z-auto absolute top-0 left-0 w-full h-full\"><\/div>\n<div class=\"brz-row brz-css-wtwvk brz-css-fgate\">\n<div class=\"brz-columns brz-css-qudzz brz-css-gvkjh\" data-custom-id=\"bnufigpghtevdapospxvhoadvtrgllfgxnmk\">\n<div class=\"brz-bg overflow-hidden !z-auto absolute top-0 left-0 w-full h-full\"><\/div>\n<div class=\"brz-column__items brz-css-rjgcj\">\n<div class=\"brz-row__container brz-css-yuqsf\" data-custom-id=\"jyjugaranggwdmntiabbifbsgallqzdlhcoh\">\n<div class=\"brz-bg overflow-hidden !z-auto absolute top-0 left-0 w-full h-full\"><\/div>\n<div class=\"brz-row brz-row--inner brz-css-wtwvk brz-css-fgate\">\n<div class=\"brz-columns brz-css-qudzz brz-css-dbfjg\" data-custom-id=\"vfzsxwfbpsdaxhjwzivgbkvtdzqlgfnhcmaa\">\n<div class=\"brz-bg overflow-hidden !z-auto absolute top-0 left-0 w-full h-full\"><\/div>\n<div class=\"brz-column__items brz-css-rjgcj\">\n<div class=\"brz-css-vmvmw brz-css-rcowl brz-wrapper\">\n<div class=\"brz-image brz-css-ymzep\"><img decoding=\"async\" class=\"brz-img\" src=\"https:\/\/klarnet.org.tr\/wp-content\/uploads\/brizy\/imgs\/ikd-logo-white-135x135x0x0x135x135x1677618477.png\" alt=\"\" loading=\"lazy\"><\/div>\n<\/div>\n<\/div>\n<\/div>\n<div class=\"brz-columns brz-css-qudzz brz-css-uwpts\" data-custom-id=\"goshekcsdajkzvbkrzqgcsuxpdkffigqozwx\">\n<div class=\"brz-bg overflow-hidden !z-auto absolute top-0 left-0 w-full h-full\"><\/div>\n<div class=\"brz-column__items brz-css-rjgcj\">\n<div class=\"brz-css-vmvmw brz-wrapper\">\n<div class=\"brz-rich-text brz-rich-text__custom brz-css-hgmam\" data-custom-id=\"wlxgkoahvpovaaiiziiywzrcvogdioaxgkek\">\n<div>\n<p data-uniq-id=\"rwwos\" data-generated-css=\"brz-css-ljmug\" class=\"brz-css-vtvrk\"><strong class=\"brz-cp-color8\">&#304;STANBUL KLARNET DERNE&#286;&#304;<\/strong><\/p>\n<p data-uniq-id=\"rakqw\" data-generated-css=\"brz-css-muvjs\" class=\"brz-css-ikzfd\"><strong class=\"brz-cp-color8\">R&#305;ht&#305;m Cad. Uzunhaf&#305;z Sok. 3A<\/strong><\/p>\n<p data-uniq-id=\"chdbe\" data-generated-css=\"brz-css-jszvt\" class=\"brz-css-kwkjr\"><strong class=\"brz-cp-color8\">Kad&#305;k&ouml;y 34716 &#304;stanbul<\/strong><\/p>\n<\/div>\n<\/div>\n<\/div>\n<\/div>\n<\/div>\n<\/div>\n<\/div>\n<\/div>\n<\/div>\n<div class=\"brz-columns brz-css-qudzz brz-css-qlotm\" data-custom-id=\"srfnhrfpypcjjshuotmbawokeljarlukvttb\">\n<div class=\"brz-bg overflow-hidden !z-auto absolute top-0 left-0 w-full h-full\"><\/div>\n<div class=\"brz-column__items brz-css-rjgcj\">\n<div class=\"brz-css-vmvmw brz-wrapper\">\n<div class=\"brz-rich-text brz-rich-text__custom brz-css-hgmam\" data-custom-id=\"zhrbdfntehzkdezbjvkyfurjuujjlzrrderh\">\n<div>\n<p class=\"brz-css-olojs\" data-generated-css=\"brz-css-ppcun\" data-uniq-id=\"yphoo\"><strong>&copy; 2009-2023 &#304;stanbul Klarnet Derne&#287;i<\/strong><\/p>\n<p class=\"brz-css-tqumy\" data-generated-css=\"brz-css-bqqih\" data-uniq-id=\"fzumm\"><strong>T&uuml;m Haklar&#305; Sakl&#305;d&#305;r<\/strong><\/p>\n<p class=\"brz-css-jftbn\" data-generated-css=\"brz-css-pxhvt\" data-uniq-id=\"zglky\"><strong>Site by <\/strong><a href=\"https:\/\/cotalvisuals.com\" target=\"_blank\" class=\"link--external\" data-brz-link-type=\"external\" rel=\"noopener\"><strong>Cotal Visuals<\/strong><\/a><\/p>\n<\/div>\n<\/div>\n<\/div>\n<\/div>\n<\/div>\n<div class=\"brz-columns brz-css-qudzz brz-css-ahotp\" data-custom-id=\"ffaijixauwnurngiigrlkzfgdonqxtiquuyd\">\n<div class=\"brz-bg overflow-hidden !z-auto absolute top-0 left-0 w-full h-full\"><\/div>\n<div class=\"brz-column__items brz-css-rjgcj\">\n<div class=\"brz-wrapper-clone brz-css-hlbhc brz-css-mmyfq\">\n<div class=\"brz-d-xs-flex brz-flex-xs-wrap brz-css-umbie brz-css-fybla\">\n<div class=\"brz-wrapper-clone__item brz-css-nzmeh brz-css-feahi\" id=\"inkkwqnswoczcxpiwvpgytdqvekihnijlyiq\">\n<div class=\"brz-icon__container\" data-custom-id=\"inkkwqnswoczcxpiwvpgytdqvekihnijlyiq\"><a class=\"brz-a\" href=\"https:\/\/instagram.com\/istanbulclarinetsociety\/\" target=\"_blank\" rel=\"noopener\" data-brz-link-type=\"external\"><span class=\"brz-icon brz-span brz-css-culrr brz-css-gctbt\"><\/span><\/a><\/div>\n<\/div>\n<div class=\"brz-wrapper-clone__item brz-css-nzmeh brz-css-feahi\" id=\"bwsaymbktbbqiixcsuaehicrtfnfroctmxto\">\n<div class=\"brz-icon__container\" data-custom-id=\"bwsaymbktbbqiixcsuaehicrtfnfroctmxto\"><a class=\"brz-a\" href=\"https:\/\/www.facebook.com\/ikdernegi\/\" target=\"_blank\" rel=\"noopener\" data-brz-link-type=\"external\"><span class=\"brz-icon brz-span brz-css-culrr brz-css-xsyyz\"><\/span><\/a><\/div>\n<\/div>\n<div class=\"brz-wrapper-clone__item brz-css-nzmeh brz-css-feahi\" id=\"brohpzwgvaqnvkkhdtwrnspbcbtirwyayyee\">\n<div class=\"brz-icon__container\" data-custom-id=\"brohpzwgvaqnvkkhdtwrnspbcbtirwyayyee\"><a class=\"brz-a\" href=\"https:\/\/twitter.com\/IstanbulKlarnet\/\" target=\"_blank\" rel=\"noopener\" data-brz-link-type=\"external\"><span class=\"brz-icon brz-span brz-css-culrr brz-css-raulh\"><\/span><\/a><\/div>\n<\/div>\n<div class=\"brz-wrapper-clone__item brz-css-nzmeh brz-css-feahi\" id=\"impaxvefmdfkluzeyurfdmodtxmgwbtnyifo\">\n<div class=\"brz-icon__container\" data-custom-id=\"impaxvefmdfkluzeyurfdmodtxmgwbtnyifo\"><a class=\"brz-a\" href=\"https:\/\/youtube.com\/@IstanbulClarinetSociety\" target=\"_blank\" rel=\"noopener\" data-brz-link-type=\"external\"><span class=\"brz-icon brz-span brz-css-culrr brz-css-pkdwp\"><\/span><\/a><\/div>\n<\/div>\n<\/div>\n<\/div>\n<\/div>\n<\/div>\n<\/div>\n<\/div>\n<\/div>\n<\/div>\n<\/section>\n<\/div>\n<p><!-- version:1710335723 --><\/p>","protected":false},"excerpt":{"rendered":"<p>Ki&#351;isel Verilerin &#304;&#351;lenmesine &#304;li&#351;kin Ayd&#305;nlatma Metni &#304;stanbul Klarnet Derne&#287;i (Klarnet Derne&#287;i), veri sorumlusu olarak 6698 say&#305;l&#305; Ki&#351;isel Verilerin Korunmas&#305; Kanunu (KVKK) ve ilgili di&#287;er mevzuata uygun olarak ki&#351;isel verilerinizi i&#351;lemektedir. KVKK&#8217;nun Ayd&#305;nlatma Y&uuml;k&uuml;ml&uuml;l&uuml;&#287;&uuml;&#8217;n&uuml; d&uuml;zenleyen 10&#8217;ncu maddesine g&ouml;re veri sorumlular&#305;, ki&#351;isel verilerini i&#351;ledikleri ilgili ki&#351;ileri belirli konularda bilgilendirmekle y&uuml;k&uuml;ml&uuml;d&uuml;r. Bu ayd&#305;nlatma metni de hukuki y&uuml;k&uuml;ml&uuml;l&uuml;&#287;&uuml;n yerine [&hellip;]<\/p>","protected":false},"author":2,"featured_media":0,"parent":0,"menu_order":0,"comment_status":"open","ping_status":"closed","template":"brizy-blank-template.php","meta":[],"_links":{"self":[{"href":"https:\/\/klarnet.org.tr\/en\/wp-json\/wp\/v2\/pages\/248"}],"collection":[{"href":"https:\/\/klarnet.org.tr\/en\/wp-json\/wp\/v2\/pages"}],"about":[{"href":"https:\/\/klarnet.org.tr\/en\/wp-json\/wp\/v2\/types\/page"}],"author":[{"embeddable":true,"href":"https:\/\/klarnet.org.tr\/en\/wp-json\/wp\/v2\/users\/2"}],"replies":[{"embeddable":true,"href":"https:\/\/klarnet.org.tr\/en\/wp-json\/wp\/v2\/comments?post=248"}],"version-history":[{"count":6,"href":"https:\/\/klarnet.org.tr\/en\/wp-json\/wp\/v2\/pages\/248\/revisions"}],"predecessor-version":[{"id":531,"href":"https:\/\/klarnet.org.tr\/en\/wp-json\/wp\/v2\/pages\/248\/revisions\/531"}],"wp:attachment":[{"href":"https:\/\/klarnet.org.tr\/en\/wp-json\/wp\/v2\/media?parent=248"}],"curies":[{"name":"wp","href":"https:\/\/api.w.org\/{rel}","templated":true}]}}